{"id":322,"date":"2021-08-01T14:41:58","date_gmt":"2021-08-01T14:41:58","guid":{"rendered":"https:\/\/praxis-hochdoerffer.de\/praxis\/?page_id=322"},"modified":"2022-08-07T08:45:04","modified_gmt":"2022-08-07T06:45:04","slug":"impfungen","status":"publish","type":"page","link":"https:\/\/praxis-hochdoerffer.de\/praxis\/leistungen\/impfungen\/","title":{"rendered":"Impfungen"},"content":{"rendered":"\n<p>Impfstoffe gibt es seit \u00fcber 200 Jahren. Der erste Impfstoff entstand im Kampf gegen die <strong>Pocken<\/strong>, einer durch Tr\u00f6pfcheninfektion \u00fcbertragbare Viruserkrankung, welche \u00fcber Jahrhunderte w\u00fctete und Millionen Tote zur Folge hatte. Noch im 18. Jahrhundert verstarben besonders S\u00e4uglinge an den pustelartigen Ausschl\u00e4gen an Gesicht, Armen und Beinen sowie hohem Fieber. Dem engl. Arzt Edward Jenner gelang 1796 erstmals der wissenschaftliche Durchbruch, als er einem Jungen \u00fcber einen Hautschnitt im Oberarm Kuhpocken vakzinierte. Der Junge war nachfolgend gegen die Pockenerkrankung des Menschen immun. <\/p>\n\n\n\n<p>Trotz allem blieben Menschen auch vor 150 Jahren solchen Ma\u00dfnahmen gegen\u00fcber skeptisch. Es bestehen Ger\u00fcchte, Impfstoffe k\u00f6nnen den Menschen beispielsweise in K\u00fche verwandeln. Infolge einer Pockenepidemie, an der ca 180.000 Menschen verstarben, f\u00fchrte Otto von Bismarck 1874 durch ein Reichsimpfgesetz die Impfpflicht ein. Auch damals gab es hierzu erhebliche Widerst\u00e4nde, da dabei eine Sorge um Freiheitsverlust oder Eingriffe in das Individuum mitschwangen. Seit 1979 hat die WHO die Pocken als ausgerottet erkl\u00e4rt. <\/p>\n\n\n\n<p>Die <strong>Kinderl\u00e4hmung <\/strong>ist eine durch Polioviren \u00fcbertragbare Krankheit, welche sich insb. in den 50er Jahren ausbreitete und durch Befall von Gehirn und R\u00fcckenmark zu L\u00e4hmungen f\u00fchrte. Durch eine L\u00e4hmung der Atemmuskulatur war allerdings eine Beatmungstherapie erforderlich \u2013 hier wurden sog. \u201eEiserne Lungen\u201c angewandt. W\u00e4hrend Menschen im Westen w\u00e4hrend des Kalten Krieges der Impfung eher kritisch gegen\u00fcberstanden, erfolgte in der DDR eine Immunisierung der gesamten Bev\u00f6lkerung.                                                                                               1961 gab es in der DDR vier neue Infektionsf\u00e4lle, im Westen mehr als 4.500 &#8211; und kein Vakzin f\u00fcr die Schluckimpfung. 1962 begann der Westen, gegen Polio zu immunisieren &#8211; mit Impfstoff aus den USA.  Heutzutage ist die Erkrankung zwar nicht ausgerottet, doch weitgehend unter Kontrolle. <\/p>\n\n\n\n<p><em>Letztendlich gilt es, dass jede \u00e4rztliche Ma\u00dfnahme potentielle Nebenwirkungen hat und sorgf\u00e4ltig gegen\u00fcber dem m\u00f6glichen Nutzen abzuw\u00e4gen<\/em> <em>ist<\/em>. Hieraus erfolgt dann eine entsprechende Empfehlung durch Experten, also Menschen, welche sich von Berufs wegen mit der Materie besch\u00e4ftigen und daher entsprechend fundierte Kenntnisse aufweisen. In unserer heutigen Social Media Gesellschaft mit sehr gro\u00dfer Meinungsbildung sollte der Einzelne im eigenen Interesse also sehr genau abw\u00e4gen, welchen der vielen Informationen er in durch sein Handeln folgt.     <\/p>\n\n\n\n<p>Experten zufolge f\u00fchrte die Pockenimpfung in den 60er Jahren bei jeder 30.000sten Impfung zu schweren Sch\u00e4den. Die Impfung gegen Schweinegrippe mit Pandemrix wurde bei einer bestimmten genetischen Veranlagung mit dem Auftreten einer Narkolepsie in Verbindung gebracht. <\/p>\n\n\n\n<p><strong>R\u00fcckblickend haben Impfungen bislang einen deutlich h\u00f6heren Nutzen erbracht.  <\/strong><\/p>\n\n\n\n<p><\/p>\n\n\n\n<p><strong>Wir beraten und impfen gem\u00e4\u00df der Empfehlungen der Stiko (St\u00e4ndige Impfkommision, Robert Koch Institut). <\/strong><\/p>\n\n\n\n<p><\/p>\n\n\n\n<p><\/p>\n\n\n<iframe src=\"https:\/\/praxis-hochdoerffer.de\/praxis\/wp-content\/plugins\/pdfv\/web\/viewer.php?pdffile=\/praxis\/wp-content\/uploads\/2022\/08\/Impfkalender.pdf\" style=\"width:100%; height:100vh; border-style: hidden; resize: both; max-height: 100vh; max-width: 100vw;\">Ladefehler!<\/iframe>\n\n\n\n<p><\/p>\n\n\n\n<p><\/p>\n\n\n\n<p><\/p>\n\n\n\n<p><a href=\"https:\/\/www.ndr.de\/geschichte\/chronologie\/Von-Pocken-bis-Corona-Die-Geschichte-des-Impfens,impfen446.html\">https:\/\/www.ndr.de\/geschichte\/chronologie\/Von-Pocken-bis-Corona-Die-Geschichte-des-Impfens,impfen446.html<\/a><\/p>\n\n\n\n<p><a href=\"https:\/\/www.rki.de\/DE\/Content\/Kommissionen\/STIKO\/Empfehlungen\/Aktuelles\/Impfkalender.pdf?__blob=publicationFile\">Aktueller Impfkalender (rki.de)<\/a><\/p>\n\n\n\n<p><a href=\"https:\/\/praxis-hochdoerffer.de\/praxis\/category\/leistungen\/impfungen\/\">Blog<\/a><\/p>\n\n\n<style>.singular .entry-header {background-image: url(\"https:\/\/assets.praxis-hochdoerffer.de\/dev\/itools\/webp.php?i=https%3A%2F%2Fpraxis-hochdoerffer.de%2Fpraxis%2Fwp-content%2Fuploads%2F2021%2F09%2F20210913_200424_ergebnis.jpg&amp;amp;jpeg=1#\") !important;\/*IMG URL*\/}<\/style>\n\n\n\n<style>header * h1.entry-title {color:#ed143c;}<\/style>\n","protected":false},"excerpt":{"rendered":"<p>Impfstoffe gibt es seit \u00fcber 200 Jahren. Der erste Impfstoff entstand im Kampf gegen die Pocken, einer durch Tr\u00f6pfcheninfektion \u00fcbertragbare Viruserkrankung, welche \u00fcber Jahrhunderte w\u00fctete und Millionen Tote zur Folge hatte. Noch im 18. Jahrhundert verstarben besonders S\u00e4uglinge an den pustelartigen Ausschl\u00e4gen an Gesicht, Armen und Beinen sowie hohem Fieber. Dem engl. Arzt Edward Jenner [&hellip;]<\/p>\n","protected":false},"author":2,"featured_media":0,"parent":59,"menu_order":0,"comment_status":"closed","ping_status":"closed","template":"","meta":{"inline_featured_image":false,"footnotes":""},"class_list":["post-322","page","type-page","status-publish","hentry"],"yoast_head":"<!-- This site is optimized with the Yoast SEO plugin v27.4 - https:\/\/yoast.com\/product\/yoast-seo-wordpress\/ -->\n<title>Impfungen &#183; Praxis Hochd\u00f6rffer<\/title>\n<meta name=\"robots\" content=\"index, follow, max-snippet:-1, max-image-preview:large, max-video-preview:-1\" \/>\n<link rel=\"canonical\" href=\"https:\/\/praxis-hochdoerffer.de\/praxis\/leistungen\/impfungen\/\" \/>\n<meta property=\"og:locale\" content=\"de_DE\" \/>\n<meta property=\"og:type\" content=\"article\" \/>\n<meta property=\"og:title\" content=\"Impfungen &#183; Praxis Hochd\u00f6rffer\" \/>\n<meta property=\"og:description\" content=\"Informationen \u00fcber Impfungen\" \/>\n<meta property=\"og:url\" content=\"https:\/\/praxis-hochdoerffer.de\/praxis\/leistungen\/impfungen\/\" \/>\n<meta property=\"og:site_name\" content=\"Praxis Hochd\u00f6rffer\" \/>\n<meta property=\"article:modified_time\" content=\"2022-08-07T06:45:04+00:00\" \/>\n<meta property=\"og:image\" content=\"https:\/\/praxis-hochdoerffer.de\/praxis\/wp-content\/uploads\/2021\/09\/20210913_200424_ergebnis.jpg\" \/>\n\t<meta property=\"og:image:width\" content=\"1600\" \/>\n\t<meta property=\"og:image:height\" content=\"1011\" \/>\n\t<meta property=\"og:image:type\" content=\"image\/jpeg\" \/>\n<meta name=\"twitter:card\" content=\"summary_large_image\" \/>\n<meta name=\"twitter:title\" content=\"Impfungen &#183; Praxis Hochd\u00f6rffer\" \/>\n<meta name=\"twitter:description\" content=\"Informationen \u00fcber Impfungen\" \/>\n<meta name=\"twitter:image\" content=\"https:\/\/praxis-hochdoerffer.de\/praxis\/wp-content\/uploads\/2021\/09\/20210913_200424_ergebnis.jpg\" \/>\n<meta name=\"twitter:label1\" content=\"Gesch\u00e4tzte Lesezeit\" \/>\n\t<meta name=\"twitter:data1\" content=\"3\u00a0Minuten\" \/>\n<script type=\"application\/ld+json\" class=\"yoast-schema-graph\">{\"@context\":\"https:\\\/\\\/schema.org\",\"@graph\":[{\"@type\":\"Article\",\"@id\":\"https:\\\/\\\/praxis-hochdoerffer.de\\\/praxis\\\/leistungen\\\/impfungen\\\/#article\",\"isPartOf\":{\"@id\":\"https:\\\/\\\/praxis-hochdoerffer.de\\\/praxis\\\/leistungen\\\/impfungen\\\/\"},\"author\":{\"name\":\"Dr. Rico Hochd\u00f6rffer\",\"@id\":\"https:\\\/\\\/praxis-hochdoerffer.de\\\/praxis\\\/#\\\/schema\\\/person\\\/3c49c11b5c9037a20a842835e9e919f0\"},\"headline\":\"Impfungen\",\"datePublished\":\"2021-08-01T14:41:58+00:00\",\"dateModified\":\"2022-08-07T06:45:04+00:00\",\"mainEntityOfPage\":{\"@id\":\"https:\\\/\\\/praxis-hochdoerffer.de\\\/praxis\\\/leistungen\\\/impfungen\\\/\"},\"wordCount\":470,\"publisher\":{\"@id\":\"https:\\\/\\\/praxis-hochdoerffer.de\\\/praxis\\\/#organization\"},\"inLanguage\":\"de\"},{\"@type\":[\"WebPage\",\"MedicalWebPage\"],\"@id\":\"https:\\\/\\\/praxis-hochdoerffer.de\\\/praxis\\\/leistungen\\\/impfungen\\\/\",\"url\":\"https:\\\/\\\/praxis-hochdoerffer.de\\\/praxis\\\/leistungen\\\/impfungen\\\/\",\"name\":\"Impfungen &#183; Praxis Hochd\u00f6rffer\",\"isPartOf\":{\"@id\":\"https:\\\/\\\/praxis-hochdoerffer.de\\\/praxis\\\/#website\"},\"datePublished\":\"2021-08-01T14:41:58+00:00\",\"dateModified\":\"2022-08-07T06:45:04+00:00\",\"breadcrumb\":{\"@id\":\"https:\\\/\\\/praxis-hochdoerffer.de\\\/praxis\\\/leistungen\\\/impfungen\\\/#breadcrumb\"},\"inLanguage\":\"de\",\"potentialAction\":[{\"@type\":\"ReadAction\",\"target\":[\"https:\\\/\\\/praxis-hochdoerffer.de\\\/praxis\\\/leistungen\\\/impfungen\\\/\"]}]},{\"@type\":\"BreadcrumbList\",\"@id\":\"https:\\\/\\\/praxis-hochdoerffer.de\\\/praxis\\\/leistungen\\\/impfungen\\\/#breadcrumb\",\"itemListElement\":[{\"@type\":\"ListItem\",\"position\":1,\"name\":\"Startseite\",\"item\":\"https:\\\/\\\/praxis-hochdoerffer.de\\\/praxis\\\/\"},{\"@type\":\"ListItem\",\"position\":2,\"name\":\"Leistungen\",\"item\":\"https:\\\/\\\/praxis-hochdoerffer.de\\\/praxis\\\/leistungen\\\/\"},{\"@type\":\"ListItem\",\"position\":3,\"name\":\"Impfungen\"}]},{\"@type\":\"WebSite\",\"@id\":\"https:\\\/\\\/praxis-hochdoerffer.de\\\/praxis\\\/#website\",\"url\":\"https:\\\/\\\/praxis-hochdoerffer.de\\\/praxis\\\/\",\"name\":\"Praxis Hochd\u00f6rffer\",\"description\":\"Haus\u00e4rztlich internistische Praxis Hochd\u00f6rffer\",\"publisher\":{\"@id\":\"https:\\\/\\\/praxis-hochdoerffer.de\\\/praxis\\\/#organization\"},\"potentialAction\":[{\"@type\":\"SearchAction\",\"target\":{\"@type\":\"EntryPoint\",\"urlTemplate\":\"https:\\\/\\\/praxis-hochdoerffer.de\\\/praxis\\\/?s={search_term_string}\"},\"query-input\":{\"@type\":\"PropertyValueSpecification\",\"valueRequired\":true,\"valueName\":\"search_term_string\"}}],\"inLanguage\":\"de\"},{\"@type\":\"Organization\",\"@id\":\"https:\\\/\\\/praxis-hochdoerffer.de\\\/praxis\\\/#organization\",\"name\":\"Praxis Hochd\u00f6rffer\",\"url\":\"https:\\\/\\\/praxis-hochdoerffer.de\\\/praxis\\\/\",\"logo\":{\"@type\":\"ImageObject\",\"inLanguage\":\"de\",\"@id\":\"https:\\\/\\\/praxis-hochdoerffer.de\\\/praxis\\\/#\\\/schema\\\/logo\\\/image\\\/\",\"url\":\"https:\\\/\\\/praxis-hochdoerffer.de\\\/praxis\\\/wp-content\\\/uploads\\\/2021\\\/06\\\/cropped-iconh.png\",\"contentUrl\":\"https:\\\/\\\/praxis-hochdoerffer.de\\\/praxis\\\/wp-content\\\/uploads\\\/2021\\\/06\\\/cropped-iconh.png\",\"width\":512,\"height\":512,\"caption\":\"Praxis Hochd\u00f6rffer\"},\"image\":{\"@id\":\"https:\\\/\\\/praxis-hochdoerffer.de\\\/praxis\\\/#\\\/schema\\\/logo\\\/image\\\/\"}},{\"@type\":\"Person\",\"@id\":\"https:\\\/\\\/praxis-hochdoerffer.de\\\/praxis\\\/#\\\/schema\\\/person\\\/3c49c11b5c9037a20a842835e9e919f0\",\"name\":\"Dr. Rico Hochd\u00f6rffer\",\"image\":{\"@type\":\"ImageObject\",\"inLanguage\":\"de\",\"@id\":\"https:\\\/\\\/secure.gravatar.com\\\/avatar\\\/ce6cd4e3265e619ecf9ec3e51ba4592d559317644b96b364bb5126282fe25ab3?s=96&d=identicon&r=g\",\"url\":\"https:\\\/\\\/secure.gravatar.com\\\/avatar\\\/ce6cd4e3265e619ecf9ec3e51ba4592d559317644b96b364bb5126282fe25ab3?s=96&d=identicon&r=g\",\"contentUrl\":\"https:\\\/\\\/secure.gravatar.com\\\/avatar\\\/ce6cd4e3265e619ecf9ec3e51ba4592d559317644b96b364bb5126282fe25ab3?s=96&d=identicon&r=g\",\"caption\":\"Dr. Rico Hochd\u00f6rffer\"},\"sameAs\":[\"https:\\\/\\\/praxis-hochdoerffer.de\\\/\"],\"url\":\"https:\\\/\\\/praxis-hochdoerffer.de\\\/praxis\\\/author\\\/ricoh\\\/\"}]}<\/script>\n<!-- \/ Yoast SEO plugin. -->","yoast_head_json":{"title":"Impfungen &#183; Praxis Hochd\u00f6rffer","robots":{"index":"index","follow":"follow","max-snippet":"max-snippet:-1","max-image-preview":"max-image-preview:large","max-video-preview":"max-video-preview:-1"},"canonical":"https:\/\/praxis-hochdoerffer.de\/praxis\/leistungen\/impfungen\/","og_locale":"de_DE","og_type":"article","og_title":"Impfungen &#183; Praxis Hochd\u00f6rffer","og_description":"Informationen \u00fcber Impfungen","og_url":"https:\/\/praxis-hochdoerffer.de\/praxis\/leistungen\/impfungen\/","og_site_name":"Praxis Hochd\u00f6rffer","article_modified_time":"2022-08-07T06:45:04+00:00","og_image":[{"width":1600,"height":1011,"url":"https:\/\/praxis-hochdoerffer.de\/praxis\/wp-content\/uploads\/2021\/09\/20210913_200424_ergebnis.jpg","type":"image\/jpeg"}],"twitter_card":"summary_large_image","twitter_title":"Impfungen &#183; Praxis Hochd\u00f6rffer","twitter_description":"Informationen \u00fcber Impfungen","twitter_image":"https:\/\/praxis-hochdoerffer.de\/praxis\/wp-content\/uploads\/2021\/09\/20210913_200424_ergebnis.jpg","twitter_misc":{"Gesch\u00e4tzte Lesezeit":"3\u00a0Minuten"},"schema":{"@context":"https:\/\/schema.org","@graph":[{"@type":"Article","@id":"https:\/\/praxis-hochdoerffer.de\/praxis\/leistungen\/impfungen\/#article","isPartOf":{"@id":"https:\/\/praxis-hochdoerffer.de\/praxis\/leistungen\/impfungen\/"},"author":{"name":"Dr. Rico Hochd\u00f6rffer","@id":"https:\/\/praxis-hochdoerffer.de\/praxis\/#\/schema\/person\/3c49c11b5c9037a20a842835e9e919f0"},"headline":"Impfungen","datePublished":"2021-08-01T14:41:58+00:00","dateModified":"2022-08-07T06:45:04+00:00","mainEntityOfPage":{"@id":"https:\/\/praxis-hochdoerffer.de\/praxis\/leistungen\/impfungen\/"},"wordCount":470,"publisher":{"@id":"https:\/\/praxis-hochdoerffer.de\/praxis\/#organization"},"inLanguage":"de"},{"@type":["WebPage","MedicalWebPage"],"@id":"https:\/\/praxis-hochdoerffer.de\/praxis\/leistungen\/impfungen\/","url":"https:\/\/praxis-hochdoerffer.de\/praxis\/leistungen\/impfungen\/","name":"Impfungen &#183; Praxis Hochd\u00f6rffer","isPartOf":{"@id":"https:\/\/praxis-hochdoerffer.de\/praxis\/#website"},"datePublished":"2021-08-01T14:41:58+00:00","dateModified":"2022-08-07T06:45:04+00:00","breadcrumb":{"@id":"https:\/\/praxis-hochdoerffer.de\/praxis\/leistungen\/impfungen\/#breadcrumb"},"inLanguage":"de","potentialAction":[{"@type":"ReadAction","target":["https:\/\/praxis-hochdoerffer.de\/praxis\/leistungen\/impfungen\/"]}]},{"@type":"BreadcrumbList","@id":"https:\/\/praxis-hochdoerffer.de\/praxis\/leistungen\/impfungen\/#breadcrumb","itemListElement":[{"@type":"ListItem","position":1,"name":"Startseite","item":"https:\/\/praxis-hochdoerffer.de\/praxis\/"},{"@type":"ListItem","position":2,"name":"Leistungen","item":"https:\/\/praxis-hochdoerffer.de\/praxis\/leistungen\/"},{"@type":"ListItem","position":3,"name":"Impfungen"}]},{"@type":"WebSite","@id":"https:\/\/praxis-hochdoerffer.de\/praxis\/#website","url":"https:\/\/praxis-hochdoerffer.de\/praxis\/","name":"Praxis Hochd\u00f6rffer","description":"Haus\u00e4rztlich internistische Praxis Hochd\u00f6rffer","publisher":{"@id":"https:\/\/praxis-hochdoerffer.de\/praxis\/#organization"},"potentialAction":[{"@type":"SearchAction","target":{"@type":"EntryPoint","urlTemplate":"https:\/\/praxis-hochdoerffer.de\/praxis\/?s={search_term_string}"},"query-input":{"@type":"PropertyValueSpecification","valueRequired":true,"valueName":"search_term_string"}}],"inLanguage":"de"},{"@type":"Organization","@id":"https:\/\/praxis-hochdoerffer.de\/praxis\/#organization","name":"Praxis Hochd\u00f6rffer","url":"https:\/\/praxis-hochdoerffer.de\/praxis\/","logo":{"@type":"ImageObject","inLanguage":"de","@id":"https:\/\/praxis-hochdoerffer.de\/praxis\/#\/schema\/logo\/image\/","url":"https:\/\/praxis-hochdoerffer.de\/praxis\/wp-content\/uploads\/2021\/06\/cropped-iconh.png","contentUrl":"https:\/\/praxis-hochdoerffer.de\/praxis\/wp-content\/uploads\/2021\/06\/cropped-iconh.png","width":512,"height":512,"caption":"Praxis Hochd\u00f6rffer"},"image":{"@id":"https:\/\/praxis-hochdoerffer.de\/praxis\/#\/schema\/logo\/image\/"}},{"@type":"Person","@id":"https:\/\/praxis-hochdoerffer.de\/praxis\/#\/schema\/person\/3c49c11b5c9037a20a842835e9e919f0","name":"Dr. Rico Hochd\u00f6rffer","image":{"@type":"ImageObject","inLanguage":"de","@id":"https:\/\/secure.gravatar.com\/avatar\/ce6cd4e3265e619ecf9ec3e51ba4592d559317644b96b364bb5126282fe25ab3?s=96&d=identicon&r=g","url":"https:\/\/secure.gravatar.com\/avatar\/ce6cd4e3265e619ecf9ec3e51ba4592d559317644b96b364bb5126282fe25ab3?s=96&d=identicon&r=g","contentUrl":"https:\/\/secure.gravatar.com\/avatar\/ce6cd4e3265e619ecf9ec3e51ba4592d559317644b96b364bb5126282fe25ab3?s=96&d=identicon&r=g","caption":"Dr. Rico Hochd\u00f6rffer"},"sameAs":["https:\/\/praxis-hochdoerffer.de\/"],"url":"https:\/\/praxis-hochdoerffer.de\/praxis\/author\/ricoh\/"}]}},"_links":{"self":[{"href":"https:\/\/praxis-hochdoerffer.de\/praxis\/wp-json\/wp\/v2\/pages\/322","targetHints":{"allow":["GET"]}}],"collection":[{"href":"https:\/\/praxis-hochdoerffer.de\/praxis\/wp-json\/wp\/v2\/pages"}],"about":[{"href":"https:\/\/praxis-hochdoerffer.de\/praxis\/wp-json\/wp\/v2\/types\/page"}],"author":[{"embeddable":true,"href":"https:\/\/praxis-hochdoerffer.de\/praxis\/wp-json\/wp\/v2\/users\/2"}],"replies":[{"embeddable":true,"href":"https:\/\/praxis-hochdoerffer.de\/praxis\/wp-json\/wp\/v2\/comments?post=322"}],"version-history":[{"count":35,"href":"https:\/\/praxis-hochdoerffer.de\/praxis\/wp-json\/wp\/v2\/pages\/322\/revisions"}],"predecessor-version":[{"id":844,"href":"https:\/\/praxis-hochdoerffer.de\/praxis\/wp-json\/wp\/v2\/pages\/322\/revisions\/844"}],"up":[{"embeddable":true,"href":"https:\/\/praxis-hochdoerffer.de\/praxis\/wp-json\/wp\/v2\/pages\/59"}],"wp:attachment":[{"href":"https:\/\/praxis-hochdoerffer.de\/praxis\/wp-json\/wp\/v2\/media?parent=322"}],"curies":[{"name":"wp","href":"https:\/\/api.w.org\/{rel}","templated":true}]}}